{"id":12730,"date":"2023-10-16T12:16:45","date_gmt":"2023-10-16T10:16:45","guid":{"rendered":"https:\/\/dynamic-words.de\/datenschutzerklaerung\/"},"modified":"2025-01-02T14:23:44","modified_gmt":"2025-01-02T13:23:44","slug":"dataskyddspolicy","status":"publish","type":"page","link":"https:\/\/dynamic-words.de\/sv\/dataskyddspolicy\/","title":{"rendered":"Dataskyddspolicy"},"content":{"rendered":"\t\t<div data-elementor-type=\"wp-page\" data-elementor-id=\"12730\" class=\"elementor elementor-12730 elementor-3\" data-elementor-post-type=\"page\">\n\t\t\t\t<div class=\"elementor-element elementor-element-51a41cda e-flex e-con-boxed e-con e-parent\" data-id=\"51a41cda\" data-element_type=\"container\" data-e-type=\"container\">\n\t\t\t\t\t<div class=\"e-con-inner\">\n\t\t\t\t<div class=\"elementor-element elementor-element-2b6dfe3b elementor-widget elementor-widget-text-editor\" data-id=\"2b6dfe3b\" data-element_type=\"widget\" data-e-type=\"widget\" data-widget_type=\"text-editor.default\">\n\t\t\t\t<div class=\"elementor-widget-container\">\n\t\t\t\t\t\t\t\t\t<p><span style=\"text-decoration: underline;\"><strong>Hj\u00e4rtligt v\u00e4lkommen till min webbplats<\/strong><\/span>.<\/p><p>Jag \u00e4r mycket noga med att f\u00f6lja kraven p\u00e5 dataskydd och hanterar dina personuppgifter f\u00f6rtroligt.<\/p><p>Personuppgifter \u00e4r uppgifter med vilka du personligen kan identifieras. Den h\u00e4r dataskyddspolicyn f\u00f6rklarar vilka uppgifter jag samlar in och f\u00f6r vilket syfte jag nyttjar dem.<\/p><p>Den h\u00e4r dataskyddspolicyn f\u00f6rklarar \u00e4ven typen, omfattningen och syftet med behandlingen av dina personuppgifter, liksom vilka r\u00e4ttigheter du som registrerad kan g\u00f6ra g\u00e4llande.<\/p><p>Med den h\u00e4r dataskyddspolicyn vill jag p\u00e5 ett mer utf\u00f6rligt s\u00e4tt informera om anv\u00e4ndningen av dona uppgifter i samband med att du bes\u00f6ker min webbplats.<\/p><p><strong><u>Ansvarigt st\u00e4lle<\/u><\/strong><\/p><p>Databehandlingen p\u00e5 den h\u00e4r webbplatsen utf\u00f6rs av den som \u00e4r ansvarig f\u00f6r webbplatsen:<\/p><p>Monika Englund<br \/><span style=\"text-align: var(--text-align); background-color: rgba(255, 255, 255, 0); color: var(--the7-base-color); letter-spacing: var(--the7-base-letter-spacing); text-transform: var(--the7-base-text-transform); word-spacing: normal;\">Am Papenberg 33<br \/><\/span><span style=\"text-align: var(--text-align); background-color: rgba(255, 255, 255, 0); color: var(--the7-base-color); letter-spacing: var(--the7-base-letter-spacing); text-transform: var(--the7-base-text-transform); word-spacing: normal;\">D-31162 Bad Salzdetfurth<\/span><\/p><p>Tel: +49 (0)5063 781 42 03<\/p><p>E-post: <a href=\"mailto:datenschutz@dynamic-words.de\">datenschutz@dynamic-words.de<\/a><\/p><p>Den som \u00e4r ansvarig f\u00f6r webbplatsen \u00e4r \u00e4ven kontaktperson avseende f\u00f6rfr\u00e5gningar r\u00f6rande dataskydd.<\/p><p><strong><u>Enligt lag f\u00f6reskrivet dataskyddsombud<\/u><\/strong><\/p><p>Jag \u00e4r enligt lag inte skyldig att utn\u00e4mnda ett dataskyddsombud.<\/p><p><strong><u>Hur samlas personuppgifter in?<\/u><\/strong><\/p><p>Dina personuppgifter samlas bland annat in om du meddelar dessa till mig. Detta sker till exempel via e-post eller telefon.<\/p><p>Andra personuppgifter samlas in automatiskt vid ett bes\u00f6k p\u00e5 webbplatsen. Det \u00e4r framf\u00f6rallt tekniska uppgifter (t.ex. webbl\u00e4sare, operativsystem, tidpunkten n\u00e4r webbplatsen bes\u00f6ktes osv.).<\/p><p><strong><u>F\u00f6r vilket syfte anv\u00e4nds dina personuppgifter?<\/u><\/strong><\/p><p>En del av uppgifterna behandlas f\u00f6r att s\u00e4kerst\u00e4lla en felfri anv\u00e4ndning av min webbplats.<\/p><p>Andra uppgifter samlas in och behandlas f\u00f6r att uppfylla ett avtal eller utf\u00f6ra \u00e5tg\u00e4rder f\u00f6re ing\u00e5ende av avtal, se n\u00e4sta avsnitt.<\/p><p>Andra personuppgifter samlas in p\u00e5 min webbplats med syftet att jag ska kunna se vilken information som mina bes\u00f6kare s\u00f6ker fram. Mer information om detta och information om kakor finns l\u00e4ngre ner p\u00e5 den h\u00e4r sidan<\/p><p><strong><u>Databehandling (kund- och avtalsuppgifter)<\/u><\/strong><\/p><p>Jag samlar in, behandlar och nyttjar personuppgifter endast i den omfattning som de beh\u00f6vs till grund f\u00f6r f\u00f6rh\u00e5llandet f\u00f6re eller i samband med ing\u00e5ende av avtal, inneh\u00e5llets utformning eller \u00e4ndring av r\u00e4ttsf\u00f6rh\u00e5llandet.<\/p><p>Detta sker med st\u00f6d av Artikel 6, f\u00f6rsta stycket, punkt b i Dataskyddsf\u00f6rordningen (GDPR), vilken till\u00e5ter behandlingen av uppgifter f\u00f6r att fullg\u00f6ra ett avtal eller f\u00f6r att vidta \u00e5tg\u00e4rder innan ett avtal ing\u00e5s, eller baserat p\u00e5 ditt uttryckliga samtycke enligt Artikel 6, f\u00f6rsta stycket, punkt b.<\/p><p>Personuppgifter r\u00f6rande ditt bes\u00f6k p\u00e5 min webbplats (anv\u00e4ndningsuppgifter), samlar jag in, behandlar och nyttjar endast i den m\u00e5n detta \u00e4r n\u00f6dv\u00e4ndigt f\u00f6r att m\u00f6jligg\u00f6ra f\u00f6r anv\u00e4ndaren att ta tj\u00e4nsten i anspr\u00e5k. Detta g\u00f6rs med st\u00f6d av ett ber\u00e4ttigat intresse av att min webbplats fungerar felfritt enligt Artikel 6, f\u00f6rsta stycket, punkt f, GDPR.<\/p><p>Om min firma omfattas av en skyldighet att fullg\u00f6ra en r\u00e4ttslig f\u00f6rpliktelse som inneb\u00e4r att en behandling av personuppgifter blir n\u00f6dv\u00e4ndig, som t.ex. skatter\u00e4ttsliga skyldigheter, g\u00f6rs detta med Artikel 6, f\u00f6rsta stycket, punkt c, GDPR som r\u00e4ttslig grund.<\/p><p>Placering av kakor som inte \u00e4r tekniskt n\u00f6dv\u00e4ndiga sker bara med ditt samtycke. Detta samtycke ger du vid ditt f\u00f6rsta bes\u00f6k p\u00e5 min webbplats med hj\u00e4lp av bannern med information om kakor. Den r\u00e4ttsliga grunden f\u00f6r denna kaka \u00e4r Artikel 6 f\u00f6rsta stycket, punkt a i GDPR, s\u00e5 som det \u00e4r f\u00f6reskrivet i 25 \u00a7 TDDDG (tysk dataskyddslag: \u201dGesetz \u00fcber den Datenschutz und den Schutz der Privatsph\u00e4re in der Telekommunikation und bei digitalen Diensten\u201d).<\/p><p><strong><u>\u00d6vrig behandling p\u00e5 min webbplats<\/u><\/strong><\/p><p>Det sker ingen automatisk utl\u00e4mning av uppgifter till tredje part.<\/p><p>Du kan g\u00e4rna kontakta mig via e-post. I s\u00e5 fall \u00f6verf\u00f6rs och sparas de personuppgifter uppgifter som du anger i e-postmeddelandet.<\/p><p>Uppgifterna raderas s\u00e5 snart de inte l\u00e4ngre beh\u00f6vs f\u00f6r det avsedda syftet.<\/p><p>Lagstadgade lagringsperioder ber\u00f6rs inte av detta.<\/p><p><strong><u>Mottagare av dina personuppgifter<\/u><\/strong><\/p><p>Jag har kunder \u00f6ver hela v\u00e4rlden.<\/p><p>Jag l\u00e4mnar endast \u00f6ver personuppgifter till tredje part om detta \u00e4r n\u00f6dv\u00e4ndigt inom ramen f\u00f6r fullg\u00f6randet av ett avtal (Artikel 6, f\u00f6rsta stycket, punkt b, GDPR).<\/p><p>Ett \u00f6verl\u00e4mnande kan \u00e4ven ske om du uttryckligen har l\u00e4mnat ditt samtycke (Artikel 6, f\u00f6rsta stycket, punkt a). Detta sker till exempel inom ramen f\u00f6r \u00f6verl\u00e4mnande av mina tj\u00e4nster. \u00d6verl\u00e4mnandet sker vid behov via krypterade e-postmeddelande resp. l\u00f6senordskyddade filer.<\/p><p>Dina uppgifter l\u00e4mnas inte vidare till tredje part f\u00f6r exempelvis reklamsyften.<\/p><p><strong><u>Samarbete med personuppgiftsansvariga och tredje parter<\/u><\/strong><\/p><p>I h\u00e4ndelse av ett samarbete med externa medarbetare eller personuppgiftsansvariga kan dina personuppgifter \u00f6verf\u00f6ras till dessa. Den r\u00e4ttsliga grunden f\u00f6r detta \u00e4r Artikel 28 i GDPR.<\/p><p><strong><u>Dina r\u00e4ttigheter som registrerad<\/u><\/strong><\/p><p>Du har som bes\u00f6kare (registrerad) p\u00e5 min webbplats f\u00f6ljande r\u00e4ttigheter enligt den Europeiska Dataskyddsf\u00f6rordningen:<\/p><ul><li><u>R\u00e4tt till tillg\u00e5ng<\/u> till de behandlade personuppgifterna (Artikel 15 GDPR)<\/li><li><u>R\u00e4tt till r\u00e4ttelse<\/u> om dina personuppgifter \u00e4r felaktiga (Artikel 16 GDPR)<\/li><li><u>R\u00e4tt till radering<\/u> (\u201dr\u00e4tt att bli bortgl\u00f6md\u201d) (Artikel 17 GDPR)<\/li><li><u>R\u00e4tt till begr\u00e4nsning av behandling<\/u> om dina personuppgifter av inte kan raderas av r\u00e4ttsliga sk\u00e4l (Artikel 18 GDPR)<\/li><li><u>R\u00e4tt till underr\u00e4ttelse<\/u> \u2013 Anm\u00e4lningsskyldighet avseende r\u00e4ttelse eller radering av personuppgifter och begr\u00e4nsning av behandling (Artikel 19 GDPR)<\/li><li><u>R\u00e4tt till dataportabilitet (<\/u>Artikel 20 GDPR)<\/li><li><u>R\u00e4tt att g\u00f6ra inv\u00e4ndningar<\/u> <u>(<\/u>Artikel 21 GDPR)<br \/>Du har r\u00e4tt att av sk\u00e4l som uppst\u00e5r ur din s\u00e4rskilda situation n\u00e4r som helst inv\u00e4nda mot behandlingen av personuppgifter som ber\u00f6r dig, vilken sker enligt Artikel 6, f\u00f6rsta stycket, punkt e eller f i GDPR. Dina personuppgifter behandlas d\u00e5 inte l\u00e4ngre, s\u00e5vida inte den personuppgiftsansvarige kan p\u00e5visa tvingande skyddsv\u00e4rda sk\u00e4l f\u00f6r behandlingen, vilka v\u00e4ger tyngre \u00e4n dina intressen, r\u00e4ttigheter och friheter, eller om behandlingen avser tillvaratagande, ut\u00f6vande eller f\u00f6rsvar av r\u00e4ttsanspr\u00e5k.<\/li><li><u>\u00c5terkallande<\/u> av ditt samtycke till databehandlingen<br \/>M\u00e5nga behandlingsprocedurer \u00e4r endast m\u00f6jliga med ditt uttryckliga samtycke (Artikel 7, tredje stycket i GDPR). Du kan n\u00e4r som helst \u00e5terkalla ett redan l\u00e4mnat samtycke. F\u00f6r att g\u00f6ra det beh\u00f6ver du bara skicka ett informellt e-postmeddelande till mig.<p>Lagligheten av behandlingen som grundar sig p\u00e5 ditt samtycke innan detta \u00e5terkallas p\u00e5verkas inte.<\/p><\/li><\/ul><p><strong><u>R\u00e4tt till klagom\u00e5l<br \/><\/u><\/strong>Du har r\u00e4tt att l\u00e4mna in klagom\u00e5l till en tillsynsmyndighet.<\/p><p>Den ansvariga tillsynsmyndigheten f\u00f6r dataskyddsr\u00e4ttsliga fr\u00e5gor \u00e4r dataskyddsombudet f\u00f6r f\u00f6rbundslandet i det f\u00f6rbundsland d\u00e4r min firma har sitt s\u00e4te. F\u00f6r Niedersachsen \u00e4r det:<\/p><p>Der Landesbeauftragte f\u00fcr den Datenschutz Niedersachsen (dataskyddsombud f\u00f6r f\u00f6rbundslandet Niedersachsen)<\/p><p>Postfach 221<br \/>30002 Hannover<br \/>Telefon: +46 (0) 511 120-4500<\/p><p>E-post: <a href=\"mailto:poststelle@lfd.niedersachsen.de\">poststelle@lfd.niedersachsen.de<\/a><\/p><p><strong><u>SSL- resp. -kryptering<\/u><\/strong><\/p><p>Krypteringen av personuppgifter \u00e4r den s\u00e4kraste l\u00f6sningen f\u00f6r data\u00f6verf\u00f6ringen. F\u00f6r webbplatser \u00e4r detta SSL- eller TLS-kryptering.<\/p><p>En krypterad f\u00f6rbindelse k\u00e4nner du igen genom att adressraden i webbl\u00e4saren \u00e4ndras fr\u00e5n \u201dhttp:\/\/\u201d till \u201dhttps:\/\/\u201d och\/eller att en h\u00e4ngl\u00e5ssymbol visas i webbl\u00e4sarens adressrad.<\/p><p>N\u00e4r SSL- resp. TLS-krypteringen \u00e4r aktiverad kan data som skickas till mig inte f\u00e5ngas upp eller l\u00e4sas av tredje part.<\/p><p><strong><u>Databehandling p\u00e5 min webbplats<\/u><\/strong><\/p><p>Bilder p\u00e5 min webbplats<\/p><p>Bilderna p\u00e5 min webbplats h\u00e4rstammar fr\u00e5n mig och \u00e4r sparade lokalt. Jag anv\u00e4nder bilder f\u00f6r att g\u00f6ra inneh\u00e5llet p\u00e5 min webbplats mer tilltalande.<\/p><p><strong>Webbhotell <\/strong><\/p><p>Den h\u00e4r webbplatsen \u00e4r placerad p\u00e5 ett webbhotell hos en v\u00e4rdtj\u00e4nstleverant\u00f6r (host). Personuppgifter som registreras p\u00e5 min webbplats sparas p\u00e5 v\u00e4rdtj\u00e4nstleverant\u00f6rens servrar. Det r\u00f6r sig h\u00e4r om tekniskt n\u00f6dv\u00e4ndiga kakor, som IP-adresser.<\/p><p>Anv\u00e4ndningen av tj\u00e4nsteleverant\u00f6ren sker med syftet att fullg\u00f6ra avtal gentemot mina potentiella och existerande kunder (Artikel 6, f\u00f6rsta stycket, punkt b, GDPR) och det ber\u00e4ttigade intresset av ett s\u00e4kert och snabbt tillhandah\u00e5llande av min webbplats utf\u00f6rd av en professionell leverant\u00f6r (Artikel 6, f\u00f6rsta stycket, punkt f, GDPR).<\/p><p>Tj\u00e4nsteleverant\u00f6ren behandlar dina uppgifter endast i den m\u00e5n det \u00e4r n\u00f6dv\u00e4ndigt f\u00f6r att uppfylla prestandaskyldigheterna.<\/p><p>Jag anv\u00e4nder mig av f\u00f6ljande v\u00e4rdtj\u00e4nstleverant\u00f6r:<\/p><p>IONOS SE<br \/><span style=\"text-align: var(--text-align); background-color: rgba(255, 255, 255, 0); color: var(--the7-base-color); letter-spacing: var(--the7-base-letter-spacing); text-transform: var(--the7-base-text-transform); word-spacing: normal;\">Elgendorfer Str. 57<br \/><\/span><span style=\"background-color: rgba(255, 255, 255, 0); color: var(--the7-base-color); letter-spacing: var(--the7-base-letter-spacing); text-align: var(--text-align); text-transform: var(--the7-base-text-transform); word-spacing: normal;\">56410 Montabaur<br \/><\/span><span style=\"text-align: var(--text-align); background-color: rgba(255, 255, 255, 0); color: var(--the7-base-color); letter-spacing: var(--the7-base-letter-spacing); text-transform: var(--the7-base-text-transform); word-spacing: normal;\">Tyskland<\/span><\/p><p>F\u00f6r att s\u00e4kerst\u00e4lla att tj\u00e4nsteleverant\u00f6ren behandlar dina uppgifter p\u00e5 ett s\u00e4tt som \u00f6verensst\u00e4mmer med dataskyddsf\u00f6reskrifter har jag slutit ett avtal med tj\u00e4nsteleverant\u00f6ren r\u00f6rande behandlingen.<\/p><p>Min Internet-leverant\u00f6r, IONOS SE, samlar automatiskt in och sparar information i s\u00e5 kallade Server-Log-filer, vilka din webbl\u00e4sare automatiskt \u00f6verf\u00f6r till mig. Dessa \u00e4r t.ex.:<\/p><ul><li>typ av webbl\u00e4sare och webbl\u00e4sarens version<\/li><li>det operativsystem som anv\u00e4nds<\/li><li>Referrer URL<\/li><li>den anropande datorns v\u00e4rdnamn<\/li><li>datum och tid f\u00f6r f\u00f6rfr\u00e5gan till servern<\/li><li>IP-adress<\/li><\/ul><p>Dessa uppgifter sammanf\u00f6rs inte med andra datak\u00e4llor.<\/p><p>F\u00f6r att s\u00e4kerst\u00e4lla att tj\u00e4nsteleverant\u00f6ren behandlar dina uppgifter p\u00e5 ett s\u00e4tt som \u00f6verensst\u00e4mmer med dataskyddsf\u00f6reskrifter har jag slutit ett avtal med tj\u00e4nsteleverant\u00f6ren r\u00f6rande behandlingen.<\/p><p><strong><u>Kakor p\u00e5 min webbplats<\/u><\/strong><\/p><p>Varje g\u00e5ng n\u00e4r du \u00f6ppnar en webbplats sparas sm\u00e5 dataposter i din webbl\u00e4sare. Dessa dataposter kallas f\u00f6r kakor.<\/p><p>Dessa kakor orsakar ingen skada p\u00e5 din dator och inneh\u00e5ller inga virus. Kakorna anv\u00e4nds f\u00f6r att g\u00f6ra min webbplats med anv\u00e4ndarv\u00e4nlig och s\u00e4krare. Kakor \u00e4r sm\u00e5 dataposter som laddas ner till din dator och sparas i din webbl\u00e4sare.<\/p><p>Vissa kakor \u00e4r s\u00e5 kallade \u201dsessionskakor\u201d. De raderas automatisk efter ditt bes\u00f6k p\u00e5 webbplatsen.<\/p><p>Andra kakor sparas dock permanent p\u00e5 din enhet \u00e4nda tills du raderar dem (\u201dpermanenta kakor\u201d).<\/p><p>Dessa kakor sparar s\u00e4rskilda uppgifter om anv\u00e4ndningen, som exempelvis det valda spr\u00e5ket eller personliga sidinst\u00e4llningar. Med dessa kakor k\u00e4nns din webbl\u00e4sare igen vid n\u00e4sta bes\u00f6k. N\u00e4r du \u00f6ppnar min webbplats n\u00e4sta g\u00e5ng skickar din webbl\u00e4sare den \u201danv\u00e4ndarrelaterade\u201d informationen tillbaka till min webbplats.<\/p><p>Kakor som kr\u00e4vs f\u00f6r att genomf\u00f6ra elektronisk kommunikation eller f\u00f6r att tillhandah\u00e5lla best\u00e4mda funktioner som du \u00f6nskar, sparas baserat p\u00e5 (Artikel 6, f\u00f6rsta stycket, punkt f, GDPR), samt TDDDG \u00a7 25 (Telekommunikation-Telemedien-Datenschutz-Gesetz &#8211; tysk dataskyddslag r\u00f6rande telekommunikation och telemedier). Den som driver webbplatsen har ett ber\u00e4ttigat intresse av att spara kakor f\u00f6r tekniskt felfritt och optimerat tillhandah\u00e5llande av sina tj\u00e4nster.<\/p><p>Kakor s\u00e4tts \u00e4ven f\u00f6r sp\u00e5rning av anv\u00e4ndarbeteendet, i den m\u00e5n du har gett ditt samtycke till detta. Detta samtycke ger du vid ditt bes\u00f6k p\u00e5 min webbplats med hj\u00e4lp av bannern med information om kakor. Den r\u00e4ttsliga grunden f\u00f6r denna kaka \u00e4r Artikel 6 f\u00f6rsta stycket, punkt a i GDPR, s\u00e5 som det \u00e4r f\u00f6reskrivet i 25\u00a0\u00a7 TDDDG (tysk dataskyddslag: \u201dGesetz \u00fcber den Datenschutz und den Schutz der Privatsph\u00e4re in der Telekommunikation und bei digitalen Diensten\u201d).<\/p><p>Du kan st\u00e4lla in din webbl\u00e4sare s\u00e5 att du informeras om hur kakor placeras. D\u00e4rmed kan du sj\u00e4lv best\u00e4mma vilka kakor du vill till\u00e5ta och acceptera eller utesluta kakor f\u00f6r s\u00e4rskilda fall. Du kan \u00e4ven best\u00e4mma att kakor ska raderas automatiskt n\u00e4r webbl\u00e4sarens st\u00e4ngs:<\/p><p>Chrome: Klicka p\u00e5 Mer uppe till h\u00f6ger. Inst\u00e4llningar -&gt; Klicka p\u00e5 Integritet och s\u00e4kerhet -&gt; Rensa webbinformation.<\/p><p>Safari: Klicka i menyraden p\u00e5 \u201dSafari\u201d och sedan p\u00e5 \u201dInst\u00e4llningar\u201d -&gt; \u201dSekretess\u201d och avaktivera rutan bredvid \u201dBlockera alla cookies\u201d<\/p><p>Firefox: Klicka p\u00e5 menyknappen\u00a0\u00a0-&gt; Inst\u00e4llningar- &gt; Sekretess &amp; s\u00e4kerhet\u00a0-&gt; Avsnittet\u00a0Kakor och webbplatsdata. Kicka p\u00e5 funktionsknappen\u00a0Rensa data\u2026, f\u00f6r att \u00f6ppna dialogrutan \u201dRensa data\u201d.<\/p><p>Microsoft Edge: Klicka p\u00e5 Inst\u00e4llningar uppe till h\u00f6ger och sedan p\u00e5 -&gt; Inst\u00e4llningar-&gt; Sekretess, s\u00f6kning och tj\u00e4nster -&gt; Rensa webbdata &gt; Rensa webbdata nu.<\/p><p><strong><u>H\u00e4nvisning till tredje parts webbplatser<\/u><\/strong><\/p><p>P\u00e5 min webbplats finns olika l\u00e4nkar, bland annat till andra profiler hos \u00f6vers\u00e4ttarf\u00f6reningar och f\u00f6rbund som jag \u00e4r medlem eller till kunder som anges som referenser. Om du klickar p\u00e5 dessa l\u00e4nkar, leds du vidare till den respektive webbplatsen. Jag uppm\u00e4rksammar dig h\u00e4rmed om att n\u00e4r du bes\u00f6ker dessa webbplatser kan den h\u00e4nda att de respektive webbplatsoperat\u00f6rerna kan spara kakor i din webbl\u00e4sare. Observera d\u00e4rf\u00f6r de respektive webbplatsoperat\u00f6rernas dataskyddspolicyer. Jag tar inget ansvar f\u00f6r de respektive dataskyddspolicyerna<\/p><p><strong><u>Dataradering och lagringstid<\/u><\/strong><\/p><p>Dina personuppgifter raderas eller sp\u00e4rras s\u00e5 snart syftet med databehandlingen inte l\u00e4ngre existerar. Om du har skickat en beg\u00e4ran om radering till mig eller om du \u00e5terkallar ditt samtycke till behandlingen av dina personuppgifter kommer jag att radera dina uppgifter, s\u00e5vida det finns inte n\u00e5gon annan r\u00e4ttslig grund f\u00f6r lagringen av dina personuppgifter (skatte- eller handelsr\u00e4ttsliga arkiveringsfrister). Dessa uppgifter raderas d\u00e5 n\u00e4r dessa grunder bortfaller.<\/p><p><strong><u>\u00c4ndring av min dataskyddspolicy<\/u><\/strong><\/p><p>Jag f\u00f6rbeh\u00e5ller mig r\u00e4tten att \u00e4ndra den h\u00e4r dataskyddspolicyn s\u00e5 att den uppfyller de g\u00e4llande kraven eller f\u00f6r att utf\u00f6ra \u00e4ndringar av mina tj\u00e4nster eller erbjudanden i dataskyddsf\u00f6rklaringen.<\/p><p>Jag anv\u00e4nder tekniska och organisatoriska \u00e5tg\u00e4rder f\u00f6r att skydda dina uppgifter mot manipulation, f\u00f6rlust, f\u00f6rst\u00f6relse och \u00e5tkomst f\u00f6r obeh\u00f6riga personer. Dessa tekniska och organisatoriska \u00e5tg\u00e4rder kontrolleras och f\u00f6rb\u00e4ttras fortl\u00f6pande.<\/p><p>Om du har fr\u00e5gor ang\u00e5ende behandlingen av dina personuppgifter p\u00e5 min webbplats kan du n\u00e4r som helst v\u00e4nda dig till det ansvariga st\u00e4llet som anges i inledningen av den h\u00e4r dataskyddspolicyn.<\/p><p><strong>Senast \u00e4ndrad: juli 2024<\/strong><\/p>\t\t\t\t\t\t\t\t<\/div>\n\t\t\t\t<\/div>\n\t\t\t\t\t<\/div>\n\t\t\t\t<\/div>\n\t\t\t\t<\/div>\n\t\t","protected":false},"excerpt":{"rendered":"<p>Hj\u00e4rtligt v\u00e4lkommen till min webbplats. Jag \u00e4r mycket noga med att f\u00f6lja kraven p\u00e5 dataskydd och hanterar dina personuppgifter f\u00f6rtroligt. Personuppgifter \u00e4r uppgifter med vilka du personligen kan identifieras. Den h\u00e4r dataskyddspolicyn f\u00f6rklarar vilka uppgifter jag samlar in och f\u00f6r vilket syfte jag nyttjar dem. Den h\u00e4r dataskyddspolicyn f\u00f6rklarar \u00e4ven typen, omfattningen och syftet med&hellip;<\/p>\n","protected":false},"author":1,"featured_media":0,"parent":0,"menu_order":0,"comment_status":"closed","ping_status":"open","template":"","meta":{"footnotes":""},"class_list":["post-12730","page","type-page","status-publish","hentry"],"_links":{"self":[{"href":"https:\/\/dynamic-words.de\/sv\/wp-json\/wp\/v2\/pages\/12730","targetHints":{"allow":["GET"]}}],"collection":[{"href":"https:\/\/dynamic-words.de\/sv\/wp-json\/wp\/v2\/pages"}],"about":[{"href":"https:\/\/dynamic-words.de\/sv\/wp-json\/wp\/v2\/types\/page"}],"author":[{"embeddable":true,"href":"https:\/\/dynamic-words.de\/sv\/wp-json\/wp\/v2\/users\/1"}],"replies":[{"embeddable":true,"href":"https:\/\/dynamic-words.de\/sv\/wp-json\/wp\/v2\/comments?post=12730"}],"version-history":[{"count":45,"href":"https:\/\/dynamic-words.de\/sv\/wp-json\/wp\/v2\/pages\/12730\/revisions"}],"predecessor-version":[{"id":16184,"href":"https:\/\/dynamic-words.de\/sv\/wp-json\/wp\/v2\/pages\/12730\/revisions\/16184"}],"wp:attachment":[{"href":"https:\/\/dynamic-words.de\/sv\/wp-json\/wp\/v2\/media?parent=12730"}],"curies":[{"name":"wp","href":"https:\/\/api.w.org\/{rel}","templated":true}]}}